{"id":3429,"date":"2015-01-03T12:32:58","date_gmt":"2015-01-03T11:32:58","guid":{"rendered":"http:\/\/pernillaodlund.se\/?page_id=3429"},"modified":"2023-02-24T10:13:46","modified_gmt":"2023-02-24T09:13:46","slug":"sudden","status":"publish","type":"page","link":"http:\/\/pernillaodlund.se\/?page_id=3429","title":{"rendered":"Sudden"},"content":{"rendered":"<p><a href=\"http:\/\/media.pernillaodlund.se\/2011\/11\/sudden.jpg\"><img loading=\"lazy\" decoding=\"async\" class=\"alignnone size-medium wp-image-972\" title=\"sudden\" src=\"http:\/\/media.pernillaodlund.se\/2011\/11\/sudden-253x300.jpg\" alt=\"\" width=\"253\" height=\"300\" srcset=\"http:\/\/media.pernillaodlund.se\/2011\/11\/sudden-253x300.jpg 253w, http:\/\/media.pernillaodlund.se\/2011\/11\/sudden.jpg 800w\" sizes=\"auto, (max-width: 253px) 100vw, 253px\" \/><\/a><br \/>\nJag och Sudden i juni 2009<\/p>\n<p>Den f\u00f6rsta h\u00e4sten i familjen var en fantastisk fullblodsarab i Dponny-storlek. Hans namn \u00e4r Saddam men han kallas f\u00f6r Sudden. Sudden \u00e4r f\u00f6dd 1991 och \u00e4r numera en glad pension\u00e4r \ud83d\ude42 P\u00e5 h\u00f6sten 2006 b\u00f6rjade jag och Emma leta efter en ponny som skulle kunna passa b\u00e5de mig och henne. Vi provred n\u00e5gra men hittade inget vi egentligen gillade. I mitten av oktober hittade jag en annons och kom \u00f6verens med \u00e4garen om en tid f\u00f6r provridning. Det var i n\u00e4rheten av v\u00e5rt sommarhus och vi best\u00e4mde oss f\u00f6r att \u00e5ka ner under h\u00f6stlovet. Dagen efter detta var jag och Emma med om en bilolycka och vi trodde inte vi skulle komma iv\u00e4g men med hj\u00e4lp av ett bra f\u00f6rs\u00e4kringsbolag och en trevlig f\u00f6rs\u00e4ljare p\u00e5 BMW kom vi \u00e4nd\u00e5 iv\u00e4g ner till v\u00e4stkusten. N\u00e4r vi tr\u00e4ffade Sudden s\u00e5 visste vi b\u00e5da tv\u00e5 att han var v\u00e5r dr\u00f6mponny \ud83d\ude42 och den 19 november 2006 flyttade han hem till oss. Han var sedan en superbra l\u00e4rom\u00e4stare till b\u00e5de mig och Emma i n\u00e4stan fyra \u00e5r. I april 2010 s\u00e5lde jag honom till hans delfoderv\u00e4rd och hos henne \u00e4r han kvar. D\u00e4r f\u00e5r han vara den glada pension\u00e4r som han vill. De rider i halsring i skogen och g\u00f6ra inga tr\u00e5kiga saker \ud83d\ude42<\/p>\n","protected":false},"excerpt":{"rendered":"<p>Jag och Sudden i juni 2009 Den f\u00f6rsta h\u00e4sten i familjen var en fantastisk fullblodsarab i Dponny-storlek. Hans namn \u00e4r Saddam men han kallas f\u00f6r Sudden. Sudden \u00e4r f\u00f6dd 1991 och \u00e4r numera en glad pension\u00e4r \ud83d\ude42 P\u00e5 h\u00f6sten 2006 &hellip; <a href=\"http:\/\/pernillaodlund.se\/?page_id=3429\">L\u00e4s mer <span class=\"meta-nav\">&rarr;<\/span><\/a><\/p>\n","protected":false},"author":1,"featured_media":0,"parent":916,"menu_order":18,"comment_status":"open","ping_status":"closed","template":"","meta":{"om_disable_all_campaigns":false,"_monsterinsights_skip_tracking":false,"_monsterinsights_sitenote_active":false,"_monsterinsights_sitenote_note":"","_monsterinsights_sitenote_category":0,"footnotes":""},"class_list":["post-3429","page","type-page","status-publish","hentry"],"aioseo_notices":[],"_links":{"self":[{"href":"http:\/\/pernillaodlund.se\/index.php?rest_route=\/wp\/v2\/pages\/3429","targetHints":{"allow":["GET"]}}],"collection":[{"href":"http:\/\/pernillaodlund.se\/index.php?rest_route=\/wp\/v2\/pages"}],"about":[{"href":"http:\/\/pernillaodlund.se\/index.php?rest_route=\/wp\/v2\/types\/page"}],"author":[{"embeddable":true,"href":"http:\/\/pernillaodlund.se\/index.php?rest_route=\/wp\/v2\/users\/1"}],"replies":[{"embeddable":true,"href":"http:\/\/pernillaodlund.se\/index.php?rest_route=%2Fwp%2Fv2%2Fcomments&post=3429"}],"version-history":[{"count":1,"href":"http:\/\/pernillaodlund.se\/index.php?rest_route=\/wp\/v2\/pages\/3429\/revisions"}],"predecessor-version":[{"id":3430,"href":"http:\/\/pernillaodlund.se\/index.php?rest_route=\/wp\/v2\/pages\/3429\/revisions\/3430"}],"up":[{"embeddable":true,"href":"http:\/\/pernillaodlund.se\/index.php?rest_route=\/wp\/v2\/pages\/916"}],"wp:attachment":[{"href":"http:\/\/pernillaodlund.se\/index.php?rest_route=%2Fwp%2Fv2%2Fmedia&parent=3429"}],"curies":[{"name":"wp","href":"https:\/\/api.w.org\/{rel}","templated":true}]}}